{"id":299,"date":"2017-01-10T11:24:53","date_gmt":"2017-01-10T11:24:53","guid":{"rendered":"http:\/\/www.fedil.lu\/misson-vision\/"},"modified":"2022-03-07T17:18:01","modified_gmt":"2022-03-07T16:18:01","slug":"vision-mission","status":"publish","type":"page","link":"https:\/\/fedil.lu\/de\/vision-mission\/","title":{"rendered":"Vision &#038; Mission"},"content":{"rendered":"<div class=\"text-block js-section\">\n    <h2 class=\"text-block__title\" data-page-navigation=\"Unsere Vision f\u00fcr Industrie und Unternehmen\">\n        Unsere Vision f\u00fcr Industrie und Unternehmen\n    <\/h2>\n    <div class=\"text-block__text format-text\">\n        <p>In ganz Europa sehen sich unsere Unternehmen, unabh\u00e4ngig von ihrem T\u00e4tigkeitsbereich, mit einem sozialen, \u00f6kologischen und technologischen Paradigmenwechsel konfrontiert, der ihre Gesch\u00e4ftsmodelle tiefgreifend ver\u00e4ndert. Dies geschieht zu einer Zeit, in der Europa, die f\u00fchrende Wirtschaftsmacht der Welt, auch die Herausforderungen im Zusammenhang mit seiner alternden Bev\u00f6lkerung bew\u00e4ltigen muss. Die Suche nach Talenten ist daher doppelt wichtig geworden, um den Erhalt der Wirtschaftsmacht zu gew\u00e4hrleisten und die f\u00fcr die Transition unerl\u00e4ssliche Innovation zu f\u00f6rdern. Der inzwischen globalisierte Wettlauf um Talente stellt f\u00fcr Europa und seine Unternehmen eine gro\u00dfe Herausforderung dar.<\/p>\n<p>Das Unternehmen von morgen wird noch offener gegen\u00fcber der Welt sein, es wird in Netzwerken arbeiten, es wird die Vorteile der digitalen Revolution genutzt haben und gleichzeitig die endlichen Ressourcen respektieren. Die Talente, die Innovation und Agilit\u00e4t erm\u00f6glichen, sind nicht l\u00e4nger eine Option, sondern ein Muss.<\/p>\n<p>Luxemburg ist eine Drehscheibe, die von Natur aus und historisch bedingt offen f\u00fcr geografische Grenzen und f\u00fcr die Grenzen der Innovation ist. Unsere Gr\u00f6\u00dfe erm\u00f6glicht es uns, unsere Flexibilit\u00e4t zu kultivieren, unsere Multimodularit\u00e4t hilft uns, uns mit der Welt zu vernetzen, und unsere Solidit\u00e4t, unsere Zukunft nachhaltig zu sichern. Wir haben die besten Voraussetzungen die Transition erfolgreich zu gestalten.<\/p>\n<p>Um dies zu erreichen, m\u00fcssen wir unsere Zusammenarbeit in Bezug auf die Herausforderungen der Zukunft weiter verst\u00e4rken, die &#8222;Zeit bis zur Marktreife&#8220; beschleunigen und unsere Kapazit\u00e4ten f\u00fcr die Ausbildung und letztlich den Kontakt mit den Talenten von morgen ausbauen. So kann die luxemburgische Erfolgsgeschichte weitergehen.<\/p>\n\n    <\/div>\n<\/div>\n\n\n\n<div class=\"text-list-block js-section\">\n    <h2 class=\"text-list-block__title\" data-page-navigation=\"Unsere Aufgabe\">\n        Unsere Aufgabe\n    <\/h2>\n    <p class=\" text-list-block__text\">Unsere Berufung liegt in dem Bestreben, durch ein dynamisches und effizientes Netzwerk eine zuverl\u00e4ssige Unterst\u00fctzung zu bieten. Die FEDIL ist ein Verband mit Unternehmergeist, der entschlossen proaktiv und zukunftsorientiert im Dienste seiner Mitglieder, der Unternehmer und Industriellen von heute und morgen, handelt. <br \/>\r\n<br \/>\r\nUnsere Mission ist es<\/p>\n    <div class=\"text-list__inner\">\n                    <div>\n                <div class=\"text-list__card\">\n                    <span class=\"text-list__card__ghost\"><\/span>\n                    <span class=\"text-list-card__item\">\n                        <span class=\"text-list__card__title\">ihre k\u00fcnftigen Herausforderungen zu antizipieren, ihre t\u00e4glichen Entscheidungen zu unterst\u00fctzen und ihnen zu helfen, alle mit dem technologischen und \u00f6kologischen Wandel verbundenen Chancen zu nutzen,<\/span>\n                    <\/span>\n                <\/div>\n            <\/div>\n                    <div>\n                <div class=\"text-list__card\">\n                    <span class=\"text-list__card__ghost\"><\/span>\n                    <span class=\"text-list-card__item\">\n                        <span class=\"text-list__card__title\">die besten Synergien bei den Entwicklungsprojekten unserer Mitglieder in Luxemburg und auf internationaler Ebene zu entfalten,<\/span>\n                    <\/span>\n                <\/div>\n            <\/div>\n                    <div>\n                <div class=\"text-list__card\">\n                    <span class=\"text-list__card__ghost\"><\/span>\n                    <span class=\"text-list-card__item\">\n                        <span class=\"text-list__card__title\">einen konstruktiven Dialog mit allen Beteiligten unserer Wirtschaftslandschaft in Luxemburg und auf internationaler Ebene zu pflegen<\/span>\n                    <\/span>\n                <\/div>\n            <\/div>\n                    <div>\n                <div class=\"text-list__card\">\n                    <span class=\"text-list__card__ghost\"><\/span>\n                    <span class=\"text-list-card__item\">\n                        <span class=\"text-list__card__title\">und damit zur St\u00e4rkung der Spitzensektoren und des nachhaltigen Wachstums der Unternehmen in Luxemburg beizutragen, um Luxemburg zum &quot;best place for business&quot; zu machen.<\/span>\n                    <\/span>\n                <\/div>\n            <\/div>\n            <\/div>\n<\/div>","protected":false},"excerpt":{"rendered":"","protected":false},"author":16,"featured_media":0,"parent":0,"menu_order":0,"comment_status":"closed","ping_status":"closed","template":"","meta":{"_acf_changed":false,"footnotes":""},"class_list":["post-299","page","type-page","status-publish","hentry"],"acf":[],"_links":{"self":[{"href":"https:\/\/fedil.lu\/de\/wp-json\/wp\/v2\/pages\/299","targetHints":{"allow":["GET"]}}],"collection":[{"href":"https:\/\/fedil.lu\/de\/wp-json\/wp\/v2\/pages"}],"about":[{"href":"https:\/\/fedil.lu\/de\/wp-json\/wp\/v2\/types\/page"}],"author":[{"embeddable":true,"href":"https:\/\/fedil.lu\/de\/wp-json\/wp\/v2\/users\/16"}],"replies":[{"embeddable":true,"href":"https:\/\/fedil.lu\/de\/wp-json\/wp\/v2\/comments?post=299"}],"version-history":[{"count":11,"href":"https:\/\/fedil.lu\/de\/wp-json\/wp\/v2\/pages\/299\/revisions"}],"predecessor-version":[{"id":50690,"href":"https:\/\/fedil.lu\/de\/wp-json\/wp\/v2\/pages\/299\/revisions\/50690"}],"wp:attachment":[{"href":"https:\/\/fedil.lu\/de\/wp-json\/wp\/v2\/media?parent=299"}],"curies":[{"name":"wp","href":"https:\/\/api.w.org\/{rel}","templated":true}]}}