{"id":73637,"date":"2026-04-27T10:40:18","date_gmt":"2026-04-27T08:40:18","guid":{"rendered":"https:\/\/fedil.lu\/publications\/rapport-annuel-2025\/"},"modified":"2026-04-27T10:45:23","modified_gmt":"2026-04-27T08:45:23","slug":"rapport-annuel-2025","status":"publish","type":"publication","link":"https:\/\/fedil.lu\/de\/publications\/rapport-annuel-2025\/","title":{"rendered":"Rapport Annuel 2025"},"content":{"rendered":"<div class=\"text-block js-section\">\n    <h2 class=\"text-block__title\" data-page-navigation=\"Une mobilisation renforc\u00e9e face aux d\u00e9fis \u00e9conomiques et g\u00e9opolitiques\">\n        Une mobilisation renforc\u00e9e face aux d\u00e9fis \u00e9conomiques et g\u00e9opolitiques\n    <\/h2>\n    <div class=\"text-block__text format-text\">\n        <p style=\"text-align: left;\">Les activit\u00e9s de la FEDIL pendant l\u2019ann\u00e9e sous revue ont \u00e9t\u00e9 fortement marqu\u00e9es par les incertitudes g\u00e9opolitiques persistantes, les tensions commerciales et une \u00e9volution rapide des cadres d\u2019\u00e9changes influen\u00e7ant directement les cha\u00eenes de valeur. Cela a d\u2019ailleurs amen\u00e9 la f\u00e9d\u00e9ration \u00e0 renforcer son expertise en mati\u00e8re de commerce et de relations internationales. Depuis le d\u00e9but de 2026, la guerre en Iran continue de faire l\u2019objet d\u2019une attention particuli\u00e8re, tant pour ses impacts sur les co\u00fbts de l\u2019\u00e9nergie et des mati\u00e8res premi\u00e8res que pour la pr\u00e9paration de r\u00e9ponses politiques adapt\u00e9es.<\/p>\n<p style=\"text-align: left;\">Le renforcement de la comp\u00e9titivit\u00e9 europ\u00e9enne et l\u2019acc\u00e9l\u00e9ration de l\u2019agenda de la simplification figuraient parmi les priorit\u00e9s de la FEDIL. Sur ces deux axes, \u00e9troitement li\u00e9s, la f\u00e9d\u00e9ration appelle \u00e0 des mesures concr\u00e8tes, urgentes et coh\u00e9rentes. Ainsi, les paquets Omnibus europ\u00e9ens, destin\u00e9s \u00e0 corriger et harmoniser plusieurs textes relatifs \u00e0 la durabilit\u00e9, aux obligations de reporting et \u00e0 l\u2019encadrement des technologies num\u00e9riques, ont fait l\u2019objet d\u2019un suivi approfondi par la FEDIL qui plaide pour une approche pragmatique \u00e9vitant la surcharge administrative.<\/p>\n<p><center><\/center><center><\/center><center><\/center><center><a href=\"https:\/\/fedil.lu\/wp-content\/uploads\/2026\/04\/03-FEDIL_RAPPORT-ANNUEL_2025.pdf\" target=\"_blank\" rel=\"noopener\"><b>Consultez le rapport annuel FEDIL 2025<\/b><\/a><\/center><center><br \/>\n<a href=\"https:\/\/fedil.lu\/wp-content\/uploads\/2025\/04\/FEDIL-RAPPORT-ANNUEL_2024.pdf\" target=\"_blank\" rel=\"noopener\"><img loading=\"lazy\" decoding=\"async\" class=\"alignnone\" src=\"https:\/\/fedil.lu\/wp-content\/uploads\/2026\/04\/FEDIL_RAPPORT-ANNUEL_2025.png\" width=\"500\" height=\"600\" \/><\/a><\/center><\/p>\n\n    <\/div>\n<\/div>","protected":false},"excerpt":{"rendered":"","protected":false},"author":14,"featured_media":0,"template":"","class_list":["post-73637","publication","type-publication","status-publish","hentry"],"acf":[],"_links":{"self":[{"href":"https:\/\/fedil.lu\/de\/wp-json\/wp\/v2\/publication\/73637","targetHints":{"allow":["GET"]}}],"collection":[{"href":"https:\/\/fedil.lu\/de\/wp-json\/wp\/v2\/publication"}],"about":[{"href":"https:\/\/fedil.lu\/de\/wp-json\/wp\/v2\/types\/publication"}],"author":[{"embeddable":true,"href":"https:\/\/fedil.lu\/de\/wp-json\/wp\/v2\/users\/14"}],"version-history":[{"count":4,"href":"https:\/\/fedil.lu\/de\/wp-json\/wp\/v2\/publication\/73637\/revisions"}],"predecessor-version":[{"id":73733,"href":"https:\/\/fedil.lu\/de\/wp-json\/wp\/v2\/publication\/73637\/revisions\/73733"}],"wp:attachment":[{"href":"https:\/\/fedil.lu\/de\/wp-json\/wp\/v2\/media?parent=73637"}],"curies":[{"name":"wp","href":"https:\/\/api.w.org\/{rel}","templated":true}]}}