{"id":72234,"date":"2025-11-21T13:34:11","date_gmt":"2025-11-21T12:34:11","guid":{"rendered":"https:\/\/fedil.lu\/publications\/echo-media-information-2026\/"},"modified":"2025-11-21T13:35:12","modified_gmt":"2025-11-21T12:35:12","slug":"echo-media-information-2026","status":"publish","type":"publication","link":"https:\/\/fedil.lu\/en\/publications\/echo-media-information-2026\/","title":{"rendered":"\u00c9cho &#8211; Media Information 2026"},"content":{"rendered":"<div class=\"text-block js-section\">\n    <h2 class=\"text-block__title\" data-page-navigation=\"\">\n        \n    <\/h2>\n    <div class=\"text-block__text format-text\">\n        <p>Fond\u00e9 en 1920, l\u2019\u00c9cho des entreprises\u00a0est la publication phare de la FEDIL \u2013 The Voice of Luxembourg\u2019s Industry.<\/p>\n<p>Avec des articles trilingues, l\u2019\u00c9cho traite l\u2019actualit\u00e9 \u00e9conomique et sociale qui touche les entreprises de nombreux secteurs, dont l\u2019industrie manufacturi\u00e8re, la construction, la transformation de mat\u00e9riaux, l\u2018automobile, l\u2019a\u00e9ronautique et l\u2019espace, la chimie et pharmaceutique, la green-tech, les TIC, les services aux entreprises et beaucoup d\u2019autres.<\/p>\n<p>En publiant des reportages d\u2019entreprises, des dossiers d\u2019actualit\u00e9, des opinions et interviews, l\u2019\u00c9cho vous tient inform\u00e9s des grands sujets qui marquent et font \u00e9voluer l\u2019\u00e9cosyst\u00e8me luxembourgeois.<\/p>\n<p>Avec un tirage de 2.500 exemplaires et un lectorat compos\u00e9 essentiellement de cadres dirigeants des secteurs de l\u2019industrie, des banques, des finances et du commerce ainsi que des milieux politiques, l\u2019\u00c9cho des entreprises offre un support id\u00e9al pour cibler au mieux vos messages publicitaires.<\/p>\n<p>A c\u00f4t\u00e9 du magazine qui para\u00eet six fois par an, nos articles sont \u00e9galement disponibles en ligne sur le site\u00a0<a href=\"https:\/\/fedil-echo.lu\/\" target=\"_blank\" rel=\"noopener\">www.fedil-echo.lu<\/a>.<\/p>\n<p>D\u00e9couvrez notre calendrier de publication et nos formats et tarifs publicitaires!\u00a0<a href=\"https:\/\/fedil.lu\/wp-content\/uploads\/2025\/11\/Media-Information-2026.pdf\" target=\"_blank\" rel=\"noopener\">\u00c9cho \u2013 Media Information 2026<\/a><\/p>\n<img loading=\"lazy\" decoding=\"async\" class=\"aligncenter wp-image-72230\" src=\"https:\/\/fedil.lu\/wp-content\/uploads\/2025\/11\/Media-Information-2026_Page_1.png\" alt=\"\" width=\"794\" height=\"561\" srcset=\"https:\/\/fedil.lu\/wp-content\/uploads\/2025\/11\/Media-Information-2026_Page_1.png 1521w, https:\/\/fedil.lu\/wp-content\/uploads\/2025\/11\/Media-Information-2026_Page_1-480x339.png 480w, https:\/\/fedil.lu\/wp-content\/uploads\/2025\/11\/Media-Information-2026_Page_1-1024x724.png 1024w, https:\/\/fedil.lu\/wp-content\/uploads\/2025\/11\/Media-Information-2026_Page_1-768x543.png 768w\" sizes=\"auto, (max-width: 794px) 100vw, 794px\" \/>\n\n    <\/div>\n<\/div>","protected":false},"excerpt":{"rendered":"","protected":false},"author":14,"featured_media":61526,"template":"","class_list":["post-72234","publication","type-publication","status-publish","has-post-thumbnail","hentry"],"acf":[],"_links":{"self":[{"href":"https:\/\/fedil.lu\/en\/wp-json\/wp\/v2\/publication\/72234","targetHints":{"allow":["GET"]}}],"collection":[{"href":"https:\/\/fedil.lu\/en\/wp-json\/wp\/v2\/publication"}],"about":[{"href":"https:\/\/fedil.lu\/en\/wp-json\/wp\/v2\/types\/publication"}],"author":[{"embeddable":true,"href":"https:\/\/fedil.lu\/en\/wp-json\/wp\/v2\/users\/14"}],"version-history":[{"count":1,"href":"https:\/\/fedil.lu\/en\/wp-json\/wp\/v2\/publication\/72234\/revisions"}],"predecessor-version":[{"id":72237,"href":"https:\/\/fedil.lu\/en\/wp-json\/wp\/v2\/publication\/72234\/revisions\/72237"}],"wp:featuredmedia":[{"embeddable":true,"href":"https:\/\/fedil.lu\/en\/wp-json\/wp\/v2\/media\/61526"}],"wp:attachment":[{"href":"https:\/\/fedil.lu\/en\/wp-json\/wp\/v2\/media?parent=72234"}],"curies":[{"name":"wp","href":"https:\/\/api.w.org\/{rel}","templated":true}]}}